{"id":64725,"date":"2025-01-05T18:43:42","date_gmt":"2025-01-05T18:43:42","guid":{"rendered":"https:\/\/saraurku.com\/andean-ecuador-north-south-cultural-connection\/"},"modified":"2025-06-18T00:31:39","modified_gmt":"2025-06-18T00:31:39","slug":"andean-ecuador-north-south-cultural-connection","status":"publish","type":"page","link":"https:\/\/saraurku.com\/en\/andean-ecuador-north-south-cultural-connection\/","title":{"rendered":"Andean Ecuador: Cultural Connection from North to South"},"content":{"rendered":"<p>[et_pb_section fb_built=&#8221;1&#8243; fullwidth=&#8221;on&#8221; _builder_version=&#8221;4.27.4&#8243; _module_preset=&#8221;default&#8221; background_image=&#8221;https:\/\/saraurku.com\/wp-content\/uploads\/2024\/11\/Laguna-Culebrillas.jpg&#8221; background_last_edited=&#8221;on|phone&#8221; background_image_phone=&#8221;https:\/\/saraurku.com\/wp-content\/uploads\/2024\/12\/Hiking-Saraguro-3&#215;4-1.jpg&#8221; background_enable_image_phone=&#8221;on&#8221; global_colors_info=&#8221;{}&#8221;][et_pb_fullwidth_header title=&#8221;Andean Ecuador: Cultural Connection from North to South&#8221; subhead=&#8221;From the colonial richness of Quito to the living traditions of Saraguro.&#8221; text_orientation=&#8221;center&#8221; button_one_text=&#8221;Request a Quote&#8221; button_one_url=&#8221;#cotizacion&#8221; background_overlay_color=&#8221;rgba(0,0,0,0.27)&#8221; disabled_on=&#8221;on|off|off&#8221; _builder_version=&#8221;4.27.4&#8243; _module_preset=&#8221;default&#8221; title_font=&#8221;|||on|||||&#8221; title_font_size=&#8221;38px&#8221; content_font=&#8221;|||||on|||&#8221; content_text_align=&#8221;center&#8221; content_letter_spacing=&#8221;1px&#8221; content_line_height=&#8221;1.7em&#8221; subhead_font=&#8221;|700|on||||||&#8221; subhead_text_align=&#8221;center&#8221; subhead_font_size=&#8221;22px&#8221; subhead_line_height=&#8221;1.8em&#8221; background_enable_color=&#8221;off&#8221; background_image=&#8221;https:\/\/saraurku.com\/wp-content\/uploads\/2023\/08\/Many-banded-Aracari-3-ind-NWC-NLG.jpg&#8221; custom_padding=&#8221;150px||200px||false|false&#8221; child_filter_opacity=&#8221;0%&#8221; content_text_shadow_style=&#8221;preset3&#8243; subhead_text_shadow_style=&#8221;preset3&#8243; border_color_bottom=&#8221;#1C5858&#8243; text_shadow_style=&#8221;preset3&#8243; text_shadow_blur_strength=&#8221;2em&#8221; text_shadow_color=&#8221;#000000&#8243; global_colors_info=&#8221;{}&#8221;]<\/p>\n<p>&nbsp;<\/p>\n<p>10-days<\/p>\n<p>Quito &#8211; Antisana &#8211; Saraguro &#8211; Gera &#8211; Cuenca &#8211; Ingapirca &#8211; Quito<\/p>\n<p>&nbsp;<\/p>\n<p>[\/et_pb_fullwidth_header][\/et_pb_section][et_pb_section fb_built=&#8221;1&#8243; _builder_version=&#8221;4.27.4&#8243; _module_preset=&#8221;default&#8221; global_colors_info=&#8221;{}&#8221;][et_pb_row _builder_version=&#8221;4.18.0&#8243; _module_preset=&#8221;default&#8221; global_colors_info=&#8221;{}&#8221;][et_pb_column type=&#8221;4_4&#8243; _builder_version=&#8221;4.18.0&#8243; _module_preset=&#8221;default&#8221; global_colors_info=&#8221;{}&#8221;][et_pb_text _builder_version=&#8221;4.27.4&#8243; _module_preset=&#8221;default&#8221; text_font=&#8221;|300|||||||&#8221; header_3_font=&#8221;||||||||&#8221; header_4_font=&#8221;|300|on||||||&#8221; custom_padding=&#8221;17px|||||&#8221; global_colors_info=&#8221;{}&#8221;]<\/p>\n<h2 style=\"text-align: center;\">Visit Indigenous Communities in the Ecuadorian Highlands<\/h2>\n<p style=\"text-align: center;\">Through Andean landscapes, ancestral rituals and authentic encounters, you will discover the essence of Ecuador while creating meaningful bonds with Indigenous communities. More than just a tour, this 10-day experience invites you to reflect, learn and take with you a connection that transcends time. <\/p>\n<h3 style=\"text-align: center;\"><\/h3>\n<p>[\/et_pb_text][et_pb_image src=&#8221;https:\/\/saraurku.com\/wp-content\/uploads\/2025\/01\/Andes-EEUU-10-d\u00a1as_page-0001.jpg&#8221; alt=&#8221;A map of Ecuador showing the sites of the Ecuador Andean: Cultural Connection from North to South tour.&#8221; title_text=&#8221;Andean Ecuador: Cultural Connection from North to South&#8221; _builder_version=&#8221;4.27.4&#8243; _module_preset=&#8221;default&#8221; border_radii=&#8221;on|15px|15px|15px|15px&#8221; border_width_all=&#8221;1px&#8221; border_color_all=&#8221;#1B5D34&#8243; box_shadow_style=&#8221;preset1&#8243; global_colors_info=&#8221;{}&#8221;][\/et_pb_image][\/et_pb_column][\/et_pb_row][\/et_pb_section][et_pb_section fb_built=&#8221;1&#8243; custom_padding_last_edited=&#8221;on|phone&#8221; _builder_version=&#8221;4.27.4&#8243; _module_preset=&#8221;default&#8221; background_enable_color=&#8221;off&#8221; custom_margin_tablet=&#8221;&#8221; custom_margin_phone=&#8221;||||false|false&#8221; custom_margin_last_edited=&#8221;on|phone&#8221; custom_padding=&#8221;||7px||false|false&#8221; custom_padding_tablet=&#8221;||7px||false|false&#8221; custom_padding_phone=&#8221;0px||7px||false|false&#8221; global_colors_info=&#8221;{}&#8221;][et_pb_row _builder_version=&#8221;4.27.4&#8243; _module_preset=&#8221;default&#8221; global_colors_info=&#8221;{}&#8221;][et_pb_column type=&#8221;4_4&#8243; _builder_version=&#8221;4.27.4&#8243; _module_preset=&#8221;default&#8221; global_colors_info=&#8221;{}&#8221;][et_pb_text _builder_version=&#8221;4.27.4&#8243; _module_preset=&#8221;default&#8221; text_orientation=&#8221;center&#8221; global_colors_info=&#8221;{}&#8221;]<\/p>\n<h3>10-day itinerary<\/h3>\n<p>[\/et_pb_text][\/et_pb_column][\/et_pb_row][et_pb_row column_structure=&#8221;2_5,3_5&#8243; use_custom_gutter=&#8221;on&#8221; gutter_width=&#8221;2&#8243; make_equal=&#8221;on&#8221; _builder_version=&#8221;4.27.4&#8243; _module_preset=&#8221;default&#8221; background_color=&#8221;rgba(148,184,15,0.65)&#8221; custom_margin=&#8221;||||false|false&#8221; custom_padding=&#8221;|25px||25px|false|true&#8221; border_radii=&#8221;off|25px|25px||&#8221; global_colors_info=&#8221;{}&#8221;][et_pb_column type=&#8221;2_5&#8243; module_class=&#8221;center-vertically&#8221; _builder_version=&#8221;4.27.4&#8243; _module_preset=&#8221;default&#8221; global_colors_info=&#8221;{}&#8221;][et_pb_divider show_divider=&#8221;off&#8221; disabled_on=&#8221;on|on|off&#8221; _builder_version=&#8221;4.27.4&#8243; _module_preset=&#8221;default&#8221; min_height=&#8221;20px&#8221; global_colors_info=&#8221;{}&#8221;][\/et_pb_divider][et_pb_image src=&#8221;https:\/\/saraurku.com\/wp-content\/uploads\/2024\/12\/Quito-3.jpg&#8221; alt=&#8221;View of the rooftops of Quito&#039;s Historic Center from the Basilica del Voto Nacional, with the Panecillo blurred in the background under a partly cloudy sky.&#8221; title_text=&#8221;Historic Center of Quito&#8221; align=&#8221;center&#8221; _builder_version=&#8221;4.27.4&#8243; _module_preset=&#8221;default&#8221; custom_padding=&#8221;||||false|false&#8221; border_radii=&#8221;on|15px|15px|15px|15px&#8221; border_width_all=&#8221;1px&#8221; border_color_all=&#8221;#1B5D34&#8243; box_shadow_style=&#8221;preset1&#8243; global_colors_info=&#8221;{}&#8221;][\/et_pb_image][\/et_pb_column][et_pb_column type=&#8221;3_5&#8243; _builder_version=&#8221;4.27.4&#8243; _module_preset=&#8221;default&#8221; global_colors_info=&#8221;{}&#8221;][et_pb_text _builder_version=&#8221;4.27.4&#8243; _module_preset=&#8221;default&#8221; text_font=&#8221;|300|||||||&#8221; header_3_font=&#8221;||||||||&#8221; header_4_font=&#8221;|300|on||||||&#8221; custom_padding=&#8221;17px|||||&#8221; global_colors_info=&#8221;{}&#8221;]<\/p>\n<h3>Day 1: Welcome to Quito.<\/h3>\n<h4><em>&#8211; Open a <span>door to new experiences<\/span>. <\/em><\/h4>\n<p>Upon landing at the <strong>Mariscal Sucre International Airport,<\/strong> our professional guide will offer a warm welcome. During the comfortable private transfer to the hotel, you will have the opportunity to learn a little more about <strong>Quito<\/strong>, its history and the places that await you. A <strong>welcome dinner<\/strong> will mark the beginning of a tour that combines hospitality, culture and the possibility of discovering something new at every moment.  <\/p>\n<p><span style=\"font-weight: 400;\"><em>Overnight: Quito<\/em><\/span><\/p>\n<p>[\/et_pb_text][\/et_pb_column][\/et_pb_row][et_pb_row column_structure=&#8221;2_5,3_5&#8243; use_custom_gutter=&#8221;on&#8221; gutter_width=&#8221;2&#8243; make_equal=&#8221;on&#8221; _builder_version=&#8221;4.27.2&#8243; _module_preset=&#8221;default&#8221; background_color=&#8221;#EDE4C7&#8243; custom_padding=&#8221;|25px||25px|false|true&#8221; global_colors_info=&#8221;{}&#8221;][et_pb_column type=&#8221;2_5&#8243; _builder_version=&#8221;4.27.2&#8243; _module_preset=&#8221;default&#8221; global_colors_info=&#8221;{}&#8221;][et_pb_divider show_divider=&#8221;off&#8221; disabled_on=&#8221;on|on|off&#8221; _builder_version=&#8221;4.27.4&#8243; _module_preset=&#8221;default&#8221; min_height=&#8221;20px&#8221; global_colors_info=&#8221;{}&#8221;][\/et_pb_divider][et_pb_image src=&#8221;https:\/\/saraurku.com\/wp-content\/uploads\/2024\/12\/DSC_5381.jpg&#8221; alt=&#8221;View through the twin towers of the Basilica del Voto Nacional towards the Panecillo in Quito, Ecuador.&#8221; title_text=&#8221;Towers of the Basilica of the National Vote&#8221; _builder_version=&#8221;4.27.4&#8243; _module_preset=&#8221;default&#8221; border_radii=&#8221;on|15px|15px|15px|15px&#8221; border_width_all=&#8221;1px&#8221; border_color_all=&#8221;#1B5D34&#8243; box_shadow_style=&#8221;preset1&#8243; global_colors_info=&#8221;{}&#8221;][\/et_pb_image][\/et_pb_column][et_pb_column type=&#8221;3_5&#8243; _builder_version=&#8221;4.27.2&#8243; _module_preset=&#8221;default&#8221; global_colors_info=&#8221;{}&#8221;][et_pb_text _builder_version=&#8221;4.27.4&#8243; _module_preset=&#8221;default&#8221; text_font=&#8221;|300|||||||&#8221; header_3_font=&#8221;||||||||&#8221; header_4_font=&#8221;|300|on||||||&#8221; custom_padding=&#8221;17px|||||&#8221; global_colors_info=&#8221;{}&#8221;]<\/p>\n<h3>Day 2: <b>Discovering Historic Quito.<\/b><\/h3>\n<h4><em>&#8211; UNESCO World Heritage Site<\/em><\/h4>\n<p>Immerse yourself in <strong>Quito&#8217;s Historic Center,<\/strong> where the past comes alive in every corner. Visit the majestic <strong>Basilica del Voto Nacional<\/strong>, the <strong>Plaza de San Francisco<\/strong> with its baroque church, and the iconic <strong>Compa\u00f1\u00eda de Jes\u00fas<\/strong> with its dazzling golden interior. Stroll through the <strong>Plaza de la Independencia<\/strong> and its surroundings, and enjoy a traditional lunch in a colonial restaurant. Culminate the day at <strong>the Panecillo<\/strong>, admiring views that capture the essence of Quito.   <\/p>\n<p><em>Overnight: Quito.<\/em><\/p>\n<p>[\/et_pb_text][\/et_pb_column][\/et_pb_row][et_pb_row column_structure=&#8221;2_5,3_5&#8243; use_custom_gutter=&#8221;on&#8221; gutter_width=&#8221;2&#8243; make_equal=&#8221;on&#8221; _builder_version=&#8221;4.27.4&#8243; _module_preset=&#8221;default&#8221; background_color=&#8221;rgba(148,184,15,0.65)&#8221; custom_margin=&#8221;||||false|false&#8221; custom_padding=&#8221;|25px||25px|false|true&#8221; global_colors_info=&#8221;{}&#8221;][et_pb_column type=&#8221;2_5&#8243; module_class=&#8221;center-vertically&#8221; _builder_version=&#8221;4.27.4&#8243; _module_preset=&#8221;default&#8221; global_colors_info=&#8221;{}&#8221;][et_pb_divider show_divider=&#8221;off&#8221; disabled_on=&#8221;on|on|off&#8221; _builder_version=&#8221;4.27.4&#8243; _module_preset=&#8221;default&#8221; min_height=&#8221;20px&#8221; global_colors_info=&#8221;{}&#8221;][\/et_pb_divider][et_pb_image src=&#8221;https:\/\/saraurku.com\/wp-content\/uploads\/2025\/01\/DSC_2866.jpg&#8221; alt=&#8221;Snow-capped summit of Antisana amidst passing clouds with a forested hill in the foreground.&#8221; title_text=&#8221;Antisana between clouds and forest&#8221; align=&#8221;center&#8221; _builder_version=&#8221;4.27.4&#8243; _module_preset=&#8221;default&#8221; custom_padding=&#8221;||||false|false&#8221; border_radii=&#8221;on|15px|15px|15px|15px&#8221; border_width_all=&#8221;1px&#8221; border_color_all=&#8221;#1B5D34&#8243; box_shadow_style=&#8221;preset1&#8243; global_colors_info=&#8221;{}&#8221;][\/et_pb_image][\/et_pb_column][et_pb_column type=&#8221;3_5&#8243; _builder_version=&#8221;4.27.4&#8243; _module_preset=&#8221;default&#8221; global_colors_info=&#8221;{}&#8221;][et_pb_text _builder_version=&#8221;4.27.4&#8243; _module_preset=&#8221;default&#8221; text_font=&#8221;|300|||||||&#8221; header_3_font=&#8221;||||||||&#8221; header_4_font=&#8221;|300|on||||||&#8221; custom_padding=&#8221;17px|||||&#8221; global_colors_info=&#8221;{}&#8221;]<\/p>\n<h3>Day 3: Explore Antisana National Park.<\/h3>\n<h4><em>&#8211; Where the Condor Unites Skies and Mountains<span>.<\/span><\/em><\/h4>\n<p class=\"p1\">Experience the wonders of <strong>Antisana National Park<\/strong>, a sanctuary of breathtaking landscapes and biodiversity. This experience offers scenic hikes on nature trails, breathtaking views of the <strong>Antisana Volcano<\/strong>, the <strong>Mica Lagoon<\/strong> and the majestic <strong>Andean Condor<\/strong>, symbol of the Andes and the largest flying raptor in the world. <\/p>\n<p><em>Overnight: Bus to Saraguro<\/em><\/p>\n<p>[\/et_pb_text][\/et_pb_column][\/et_pb_row][et_pb_row column_structure=&#8221;2_5,3_5&#8243; use_custom_gutter=&#8221;on&#8221; gutter_width=&#8221;2&#8243; make_equal=&#8221;on&#8221; _builder_version=&#8221;4.27.2&#8243; _module_preset=&#8221;default&#8221; background_color=&#8221;#EDE4C7&#8243; custom_padding=&#8221;|25px||25px|false|true&#8221; global_colors_info=&#8221;{}&#8221;][et_pb_column type=&#8221;2_5&#8243; _builder_version=&#8221;4.27.2&#8243; _module_preset=&#8221;default&#8221; global_colors_info=&#8221;{}&#8221;][et_pb_divider show_divider=&#8221;off&#8221; disabled_on=&#8221;on|on|off&#8221; _builder_version=&#8221;4.27.4&#8243; _module_preset=&#8221;default&#8221; min_height=&#8221;20px&#8221; global_colors_info=&#8221;{}&#8221;][\/et_pb_divider][et_pb_image src=&#8221;https:\/\/saraurku.com\/wp-content\/uploads\/2024\/10\/NAN07096-4&#215;3-1080px.jpg&#8221; alt=&#8221;A Saraguro man with a hat weaving traditional textiles.&#8221; title_text=&#8221;Weaving Traditional Textiles&#8221; _builder_version=&#8221;4.27.4&#8243; _module_preset=&#8221;default&#8221; border_radii=&#8221;on|15px|15px|15px|15px&#8221; border_width_all=&#8221;1px&#8221; border_color_all=&#8221;#1B5D34&#8243; box_shadow_style=&#8221;preset1&#8243; global_colors_info=&#8221;{}&#8221;][\/et_pb_image][\/et_pb_column][et_pb_column type=&#8221;3_5&#8243; _builder_version=&#8221;4.27.2&#8243; _module_preset=&#8221;default&#8221; global_colors_info=&#8221;{}&#8221;][et_pb_text _builder_version=&#8221;4.27.4&#8243; _module_preset=&#8221;default&#8221; text_font=&#8221;|300|||||||&#8221; header_3_font=&#8221;||||||||&#8221; header_4_font=&#8221;|300|on||||||&#8221; custom_padding=&#8221;17px|||||&#8221; global_colors_info=&#8221;{}&#8221;]<\/p>\n<h3>Day 4: Welcome to <b>Saraguro<\/b><\/h3>\n<h4>&#8211; Culture, Ritual and Local Cuisine<\/h4>\n<p>Discover the cultural and natural essence of <strong>Saraguro<\/strong> in an experience that connects tradition and serenity. Participate in an energetic ceremony at the <strong>Ba\u00f1o del Inca<\/strong> waterfalls, enjoy <strong>Pinzhi, a traditional dish<\/strong> steeped in history, and visit <strong>an artisan workshop<\/strong> to learn about local weavings. Stroll through <strong>the Central Plaza<\/strong> and its neighborhood while the stories of this region envelop you in its legacy.  <\/p>\n<p><em>Overnight: Saraguro<\/em><\/p>\n<p>[\/et_pb_text][\/et_pb_column][\/et_pb_row][et_pb_row column_structure=&#8221;2_5,3_5&#8243; use_custom_gutter=&#8221;on&#8221; gutter_width=&#8221;2&#8243; make_equal=&#8221;on&#8221; _builder_version=&#8221;4.27.4&#8243; _module_preset=&#8221;default&#8221; background_color=&#8221;rgba(148,184,15,0.65)&#8221; custom_margin=&#8221;||||false|false&#8221; custom_padding=&#8221;|25px||25px|false|true&#8221; global_colors_info=&#8221;{}&#8221;][et_pb_column type=&#8221;2_5&#8243; module_class=&#8221;center-vertically&#8221; _builder_version=&#8221;4.27.4&#8243; _module_preset=&#8221;default&#8221; global_colors_info=&#8221;{}&#8221;][et_pb_divider show_divider=&#8221;off&#8221; disabled_on=&#8221;on|on|off&#8221; _builder_version=&#8221;4.27.4&#8243; _module_preset=&#8221;default&#8221; min_height=&#8221;20px&#8221; global_colors_info=&#8221;{}&#8221;][\/et_pb_divider][et_pb_image src=&#8221;https:\/\/saraurku.com\/wp-content\/uploads\/2024\/10\/NAN06369-4&#215;3-1080px.jpg&#8221; alt=&#8221;A Saraguro in traditional attire collecting sap from a giant agave plant. He wears a typical hat and clothing characteristic of his culture while using traditional tools to extract the liquid. The natural surroundings highlight the connection with the land and ancestral practices of his community.  &#8221; title_text=&#8221;Harvesting Agave nectar or juice&#8221; align=&#8221;center&#8221; _builder_version=&#8221;4.27.4&#8243; _module_preset=&#8221;default&#8221; custom_padding=&#8221;||||false|false&#8221; border_radii=&#8221;on|15px|15px|15px|15px&#8221; border_width_all=&#8221;1px&#8221; border_color_all=&#8221;#1B5D34&#8243; box_shadow_style=&#8221;preset1&#8243; global_colors_info=&#8221;{}&#8221;][\/et_pb_image][\/et_pb_column][et_pb_column type=&#8221;3_5&#8243; _builder_version=&#8221;4.27.4&#8243; _module_preset=&#8221;default&#8221; global_colors_info=&#8221;{}&#8221;][et_pb_text _builder_version=&#8221;4.27.4&#8243; _module_preset=&#8221;default&#8221; text_font=&#8221;|300|||||||&#8221; header_3_font=&#8221;||||||||&#8221; header_4_font=&#8221;|300|on||||||&#8221; custom_padding=&#8221;17px|||||&#8221; global_colors_info=&#8221;{}&#8221;]<\/p>\n<h3><b>Day 5. Discover Gera <\/b><\/h3>\n<h4><em>&#8211; <span>from Pachamanca to an Evening of Music and Dance<\/span><\/em><\/h4>\n<p>Connect with the authenticity of<strong> Gera<\/strong> through unique cultural experiences. Walk among <strong>the agave<\/strong>, taste an ancestral drink, and enjoy <strong>the Pachamanca<\/strong>, a masterpiece of traditional cuisine. Close the day with <strong>a cultural evening<\/strong> full of <strong>music, dance and artistic expressions<\/strong> that celebrate the spirit of this community.  <\/p>\n<p><em> Overnight: Saraguro<\/em><\/p>\n<p>[\/et_pb_text][\/et_pb_column][\/et_pb_row][et_pb_row column_structure=&#8221;2_5,3_5&#8243; use_custom_gutter=&#8221;on&#8221; gutter_width=&#8221;2&#8243; make_equal=&#8221;on&#8221; _builder_version=&#8221;4.27.2&#8243; _module_preset=&#8221;default&#8221; background_color=&#8221;#EDE4C7&#8243; custom_padding=&#8221;|25px||25px|false|true&#8221; global_colors_info=&#8221;{}&#8221;][et_pb_column type=&#8221;2_5&#8243; _builder_version=&#8221;4.27.2&#8243; _module_preset=&#8221;default&#8221; global_colors_info=&#8221;{}&#8221;][et_pb_divider show_divider=&#8221;off&#8221; disabled_on=&#8221;on|on|off&#8221; _builder_version=&#8221;4.27.4&#8243; _module_preset=&#8221;default&#8221; min_height=&#8221;20px&#8221; global_colors_info=&#8221;{}&#8221;][\/et_pb_divider][et_pb_image src=&#8221;https:\/\/saraurku.com\/wp-content\/uploads\/2024\/12\/Cafe.jpg&#8221; alt=&#8221;Woman harvesting coffee beans on a farm in Saraguro, Ecuador.&#8221; title_text=&#8221;Harvesting Coffee&#8221; _builder_version=&#8221;4.27.4&#8243; _module_preset=&#8221;default&#8221; border_radii=&#8221;on|15px|15px|15px|15px&#8221; border_width_all=&#8221;1px&#8221; border_color_all=&#8221;#1B5D34&#8243; box_shadow_style=&#8221;preset1&#8243; global_colors_info=&#8221;{}&#8221;][\/et_pb_image][\/et_pb_column][et_pb_column type=&#8221;3_5&#8243; _builder_version=&#8221;4.27.2&#8243; _module_preset=&#8221;default&#8221; global_colors_info=&#8221;{}&#8221;][et_pb_text _builder_version=&#8221;4.27.4&#8243; _module_preset=&#8221;default&#8221; text_font=&#8221;|300|||||||&#8221; header_3_font=&#8221;||||||||&#8221; header_4_font=&#8221;|300|on||||||&#8221; custom_padding=&#8221;17px|||||&#8221; global_colors_info=&#8221;{}&#8221;]<\/p>\n<h3>Day 6: Meeting the Finqueros<\/h3>\n<h4><em>&#8211; Where Land and Community Unite<\/em><\/h4>\n<p class=\"p1\">Learn about the agricultural <strong>world of organic coffee and fruits<\/strong> in Saraguro. Start with a warm welcome at <strong>a local coffee farm<\/strong>, learning about the growing process and <strong>participating in the harvest<\/strong>. Enjoy <strong>a traditional lunch<\/strong>, celebrating the freshness and authenticity of local produce. Visit <strong>a sustainable farm<\/strong> to explore a variety of organic fruits and taste their natural and refreshing flavors. We travel to <strong>Cuenca<\/strong> in the afternoon.    <\/p>\n<p><em>Overnight: Cuenca<\/em><\/p>\n<p><em><\/em><\/p>\n<p>[\/et_pb_text][\/et_pb_column][\/et_pb_row][et_pb_row column_structure=&#8221;2_5,3_5&#8243; use_custom_gutter=&#8221;on&#8221; gutter_width=&#8221;2&#8243; make_equal=&#8221;on&#8221; _builder_version=&#8221;4.27.4&#8243; _module_preset=&#8221;default&#8221; background_color=&#8221;rgba(148,184,15,0.65)&#8221; custom_margin=&#8221;||||false|false&#8221; custom_padding=&#8221;|25px||25px|false|true&#8221; global_colors_info=&#8221;{}&#8221;][et_pb_column type=&#8221;2_5&#8243; module_class=&#8221;center-vertically&#8221; _builder_version=&#8221;4.27.4&#8243; _module_preset=&#8221;default&#8221; global_colors_info=&#8221;{}&#8221;][et_pb_divider show_divider=&#8221;off&#8221; disabled_on=&#8221;on|on|off&#8221; _builder_version=&#8221;4.27.4&#8243; _module_preset=&#8221;default&#8221; min_height=&#8221;20px&#8221; global_colors_info=&#8221;{}&#8221;][\/et_pb_divider][et_pb_image src=&#8221;https:\/\/saraurku.com\/wp-content\/uploads\/2024\/12\/Cuenca.jpg&#8221; alt=&#8221;Cuenca&#039;s New Cathedral with its iconic blue domes under a partly cloudy sky.&#8221; title_text=&#8221;Cuenca Cathedral&#8221; align=&#8221;center&#8221; _builder_version=&#8221;4.27.4&#8243; _module_preset=&#8221;default&#8221; custom_padding=&#8221;||||false|false&#8221; border_radii=&#8221;on|15px|15px|15px|15px&#8221; border_width_all=&#8221;1px&#8221; border_color_all=&#8221;#1B5D34&#8243; box_shadow_style=&#8221;preset1&#8243; global_colors_info=&#8221;{}&#8221;][\/et_pb_image][\/et_pb_column][et_pb_column type=&#8221;3_5&#8243; _builder_version=&#8221;4.27.4&#8243; _module_preset=&#8221;default&#8221; global_colors_info=&#8221;{}&#8221;][et_pb_text _builder_version=&#8221;4.27.4&#8243; _module_preset=&#8221;default&#8221; text_font=&#8221;|300|||||||&#8221; header_3_font=&#8221;||||||||&#8221; header_4_font=&#8221;|300|on||||||&#8221; custom_padding=&#8221;17px|||||&#8221; global_colors_info=&#8221;{}&#8221;]<\/p>\n<h3>Day 7: Essential Cuenca<\/h3>\n<h4><em>&#8211; <span>An Immersion in Cuenca&#8217;s Culture<\/span><\/em><\/h4>\n<p class=\"p1\">Enjoy the essence of <strong>Cuenca<\/strong>, a city where tradition and creativity intertwine. Stroll through the vibrant <strong>10 de Agosto Market<\/strong>, full of local colors and flavors of everyday life. Admire the imposing <strong>Cuenca Cathedral<\/strong> and stroll through <strong>the Plaza de Flores<\/strong>, a perfect space for moments of calm and beauty. Savor a lunch prepared with fresh ingredients and discover <strong>the art of toquilla straw hats<\/strong>, a symbol of Cuenca&#8217;s identity. This day celebrates the connection between history, culture and community.    <\/p>\n<p><em>Overnight: Cuenca<\/em><\/p>\n<p><em><\/em><\/p>\n<p>[\/et_pb_text][\/et_pb_column][\/et_pb_row][et_pb_row column_structure=&#8221;2_5,3_5&#8243; use_custom_gutter=&#8221;on&#8221; gutter_width=&#8221;2&#8243; make_equal=&#8221;on&#8221; _builder_version=&#8221;4.27.2&#8243; _module_preset=&#8221;default&#8221; background_color=&#8221;#EDE4C7&#8243; custom_padding=&#8221;|25px||25px|false|true&#8221; global_colors_info=&#8221;{}&#8221;][et_pb_column type=&#8221;2_5&#8243; _builder_version=&#8221;4.27.2&#8243; _module_preset=&#8221;default&#8221; global_colors_info=&#8221;{}&#8221;][et_pb_divider show_divider=&#8221;off&#8221; disabled_on=&#8221;on|on|off&#8221; _builder_version=&#8221;4.27.4&#8243; _module_preset=&#8221;default&#8221; min_height=&#8221;20px&#8221; global_colors_info=&#8221;{}&#8221;][\/et_pb_divider][et_pb_image src=&#8221;https:\/\/saraurku.com\/wp-content\/uploads\/2024\/12\/Ingapirca-temple-hill-Inca-trail.jpg&#8221; alt=&#8221;Ingapirca&#039;s Temple of the Sun, glowing in a golden hue under the sun, with a cloudy sky in the background.&#8221; title_text=&#8221;Ingapirca Temple of the Sun&#8221; _builder_version=&#8221;4.27.4&#8243; _module_preset=&#8221;default&#8221; border_radii=&#8221;on|15px|15px|15px|15px&#8221; border_width_all=&#8221;1px&#8221; border_color_all=&#8221;#1B5D34&#8243; box_shadow_style=&#8221;preset1&#8243; global_colors_info=&#8221;{}&#8221;][\/et_pb_image][\/et_pb_column][et_pb_column type=&#8221;3_5&#8243; _builder_version=&#8221;4.27.2&#8243; _module_preset=&#8221;default&#8221; global_colors_info=&#8221;{}&#8221;][et_pb_text _builder_version=&#8221;4.27.4&#8243; _module_preset=&#8221;default&#8221; text_font=&#8221;|300|||||||&#8221; header_3_font=&#8221;||||||||&#8221; header_4_font=&#8221;|300|on||||||&#8221; custom_padding=&#8221;17px|||||&#8221; global_colors_info=&#8221;{}&#8221;]<\/p>\n<h3>Day 8: Ingapirca and Andean Traditions<\/h3>\n<h4><em>&#8211; <span>Routes of History<\/span><\/em><\/h4>\n<p class=\"p1\">Learn about the rich history of <strong>the Ca\u00f1ari and Inca cultures<\/strong> while exploring the impressive archaeological complex of <strong>Ingapirca<\/strong> and the picturesque landscape of <strong>Sisid A\u00f1ejo<\/strong>. Discover the secrets of ancestral architecture and participate in the elaboration of <strong>traditional machica<\/strong>, an essential food of Andean cuisine. End the day with a vibrant cultural evening filled with <strong>music, dance and the living spirit<\/strong> of these ancient civilizations.  <\/p>\n<p><em>Overnight: Ingapirca<\/em><\/p>\n<p>[\/et_pb_text][\/et_pb_column][\/et_pb_row][et_pb_row column_structure=&#8221;2_5,3_5&#8243; use_custom_gutter=&#8221;on&#8221; gutter_width=&#8221;2&#8243; make_equal=&#8221;on&#8221; _builder_version=&#8221;4.27.4&#8243; _module_preset=&#8221;default&#8221; background_color=&#8221;rgba(148,184,15,0.65)&#8221; custom_margin=&#8221;||||false|false&#8221; custom_padding=&#8221;|25px||25px|false|true&#8221; global_colors_info=&#8221;{}&#8221;][et_pb_column type=&#8221;2_5&#8243; module_class=&#8221;center-vertically&#8221; _builder_version=&#8221;4.27.4&#8243; _module_preset=&#8221;default&#8221; global_colors_info=&#8221;{}&#8221;][et_pb_divider show_divider=&#8221;off&#8221; disabled_on=&#8221;on|on|off&#8221; _builder_version=&#8221;4.27.4&#8243; _module_preset=&#8221;default&#8221; min_height=&#8221;20px&#8221; global_colors_info=&#8221;{}&#8221;][\/et_pb_divider][et_pb_image src=&#8221;https:\/\/saraurku.com\/wp-content\/uploads\/2024\/11\/Comida-compartida-en-Laguna-Culebrillas.jpg&#8221; alt=&#8221;Traditional Andean pampamesa on a long white tablecloth, shared between guests and hosts by the shores of the Culebrillas Lagoon.&#8221; title_text=&#8221;Andean Pampamesa&#8221; _builder_version=&#8221;4.27.4&#8243; _module_preset=&#8221;default&#8221; border_radii=&#8221;on|15px|15px|15px|15px&#8221; border_width_all=&#8221;1px&#8221; border_color_all=&#8221;#1B5D34&#8243; box_shadow_style=&#8221;preset1&#8243; global_colors_info=&#8221;{}&#8221;][\/et_pb_image][\/et_pb_column][et_pb_column type=&#8221;3_5&#8243; _builder_version=&#8221;4.27.4&#8243; _module_preset=&#8221;default&#8221; global_colors_info=&#8221;{}&#8221;][et_pb_text _builder_version=&#8221;4.27.4&#8243; _module_preset=&#8221;default&#8221; text_font=&#8221;|300|||||||&#8221; header_3_font=&#8221;||||||||&#8221; header_4_font=&#8221;|300|on||||||&#8221; custom_padding=&#8221;17px|||||&#8221; global_colors_info=&#8221;{}&#8221;]<\/p>\n<h3>Day 9: Walking<b> the Qhapaq \u00d1an<\/b><\/h3>\n<h4><em>&#8211; <span>Ancestral Connections in the Andes<\/span><\/em><\/h4>\n<p>Walk in the footsteps of <strong>the ancient Ca\u00f1aris and Incas<\/strong> along the historic <strong>Qhapaq \u00d1an<\/strong> (Inca Trail), surrounded by the mystical landscapes of <strong>Sangay National Park<\/strong>. Guided by a local expert, connect with the rich history and culture of the region as you explore <strong>the archaeological sites of Culebrillas and Paredones<\/strong>. Share <strong>a traditional Pampamesa<\/strong>, a reflection of the Andean community and land, before heading back to <strong>Quito<\/strong>, taking with you the essence of these ancient civilizations.  <\/p>\n<p><em> Overnight: Bus to Quito<\/em><\/p>\n<p>[\/et_pb_text][\/et_pb_column][\/et_pb_row][et_pb_row column_structure=&#8221;2_5,3_5&#8243; use_custom_gutter=&#8221;on&#8221; gutter_width=&#8221;2&#8243; make_equal=&#8221;on&#8221; _builder_version=&#8221;4.27.2&#8243; _module_preset=&#8221;default&#8221; background_color=&#8221;#EDE4C7&#8243; custom_padding=&#8221;|25px||25px|false|true&#8221; global_colors_info=&#8221;{}&#8221;][et_pb_column type=&#8221;2_5&#8243; _builder_version=&#8221;4.27.2&#8243; _module_preset=&#8221;default&#8221; global_colors_info=&#8221;{}&#8221;][et_pb_divider show_divider=&#8221;off&#8221; disabled_on=&#8221;on|on|off&#8221; _builder_version=&#8221;4.27.4&#8243; _module_preset=&#8221;default&#8221; min_height=&#8221;20px&#8221; global_colors_info=&#8221;{}&#8221;][\/et_pb_divider][et_pb_image src=&#8221;https:\/\/saraurku.com\/wp-content\/uploads\/2024\/12\/Artisan-Crafts.jpg&#8221; alt=&#8221;Assorted handicrafts available for sale at the Mercado Artesanal de La Mariscal in Quito, Ecuador, including textiles, jewelry and blocks.&#8221; title_text=&#8221;Ecuadorian Handicrafts&#8221; align=&#8221;center&#8221; _builder_version=&#8221;4.27.4&#8243; _module_preset=&#8221;default&#8221; custom_padding=&#8221;||||false|false&#8221; border_radii=&#8221;on|15px|15px|15px|15px&#8221; border_width_all=&#8221;1px&#8221; border_color_all=&#8221;#1B5D34&#8243; box_shadow_style=&#8221;preset1&#8243; global_colors_info=&#8221;{}&#8221;][\/et_pb_image][\/et_pb_column][et_pb_column type=&#8221;3_5&#8243; _builder_version=&#8221;4.27.2&#8243; _module_preset=&#8221;default&#8221; global_colors_info=&#8221;{}&#8221;][et_pb_text _builder_version=&#8221;4.27.4&#8243; _module_preset=&#8221;default&#8221; text_font=&#8221;|300|||||||&#8221; header_3_font=&#8221;||||||||&#8221; header_4_font=&#8221;|300|on||||||&#8221; custom_padding=&#8221;17px|||||&#8221; global_colors_info=&#8221;{}&#8221;]<\/p>\n<h3>Day 10: A Fond Farewell<\/h3>\n<h4><em>&#8211; <span>Souvenirs for a Lasting Connection with Ecuador<\/span><\/em><\/h4>\n<p class=\"p1\">At the end of this trip, visit <strong>the Centro Artesanal La Mariscal<\/strong>, where you can purchase unique pieces such as textiles, jewelry and ceramics that will be tangible souvenirs of your experience in Ecuador. Then, enjoy a leisurely stroll through <strong>El Ejido Park<\/strong>, a vibrant space full of art and local life. Finally, a comfortable transfer will take you to the <strong>Mariscal Sucre International Airport<\/strong>, leaving you with a heart full of meaningful connections and lasting memories.  <\/p>\n<p><em>Transfer to Mariscal Sucre International Airport<\/em><\/p>\n<p>[\/et_pb_text][\/et_pb_column][\/et_pb_row][et_pb_row module_id=&#8221;cotizacion&#8221; _builder_version=&#8221;4.27.4&#8243; _module_preset=&#8221;default&#8221; background_color=&#8221;RGBA(148,184,15,0.65)&#8221; custom_padding=&#8221;|50px||50px|false|false&#8221; border_radii=&#8221;off|||25px|25px&#8221; global_module=&#8221;63453&#8243; global_colors_info=&#8221;{}&#8221;][et_pb_column type=&#8221;4_4&#8243; _builder_version=&#8221;4.18.0&#8243; _module_preset=&#8221;default&#8221; global_colors_info=&#8221;{}&#8221;][et_pb_image src=&#8221;https:\/\/saraurku.com\/wp-content\/uploads\/2024\/10\/campesino.png&#8221; title_text=&#8221;farmer&#8221; align=&#8221;center&#8221; _builder_version=&#8221;4.27.4&#8243; _module_preset=&#8221;default&#8221; width=&#8221;10%&#8221; custom_margin=&#8221;||-2px|||&#8221; border_radii=&#8221;on|15px|15px|15px|15px&#8221; global_colors_info=&#8221;{}&#8221;][\/et_pb_image][et_pb_text _builder_version=&#8221;4.27.4&#8243; _dynamic_attributes=&#8221;content&#8221; _module_preset=&#8221;_initial&#8221; text_font=&#8221;||||||||&#8221; header_3_text_color=&#8221;#353535&#8243; text_orientation=&#8221;center&#8221; custom_padding=&#8221;||||false|false&#8221; global_colors_info=&#8221;{%22gcid-body-color%22:%91%22header_3_text_color%22%93}&#8221;]@ET-DC@eyJkeW5hbWljIjp0cnVlLCJjb250ZW50IjoicG9zdF90aXRsZSIsInNldHRpbmdzIjp7ImJlZm9yZSI6IjxIMz5SZXF1ZXN0IHlvdXIgUmVzZXJ2YXRpb246ICAiLCJhZnRlciI6IjxIMz4iLCJlbmFibGVfaHRtbCI6Im9mZiJ9fQ==@[\/et_pb_text][et_pb_text _builder_version=&#8221;4.27.4&#8243; _module_preset=&#8221;default&#8221; text_font=&#8221;||on||||||&#8221; text_orientation=&#8221;center&#8221; global_colors_info=&#8221;{}&#8221;]<\/p>\n<p>Quote or reservation? Please open and complete this form. <\/p>\n<p>[\/et_pb_text][et_pb_toggle title=&#8221;Share the details of your group:&#8221; closed_toggle_text_color=&#8221;#353535&#8243; icon_color=&#8221;#E85646&#8243; toggle_icon=&#8221;&#xe048;||divi||400&#8243; use_icon_font_size=&#8221;on&#8221; icon_font_size=&#8221;25px&#8221; _builder_version=&#8221;4.27.4&#8243; _module_preset=&#8221;default&#8221; closed_title_font=&#8221;||on||||||&#8221; closed_title_font_size=&#8221;18px&#8221; border_radii=&#8221;on|25px|25px|25px|25px&#8221; border_color_all=&#8221;#1B5D34&#8243; box_shadow_style=&#8221;preset1&#8243; global_colors_info=&#8221;{}&#8221;]<\/p>\n<form id=\"forminator-module-63233\" class=\"forminator-custom-form forminator-custom-form-63233\" method=\"post\" data-forminator-render=\"0\" data-uid=\"69f1ec248283b\"><div role=\"alert\" aria-live=\"polite\" class=\"forminator-response-message forminator-error\" aria-hidden=\"true\"><\/div><\/form>\n<p>[\/et_pb_toggle][\/et_pb_column][\/et_pb_row][\/et_pb_section][et_pb_section fb_built=&#8221;1&#8243; _builder_version=&#8221;4.24.3&#8243; _module_preset=&#8221;default&#8221; background_color=&#8221;#EDE4C7&#8243; global_module=&#8221;59720&#8243; saved_tabs=&#8221;all&#8221; global_colors_info=&#8221;{}&#8221;][et_pb_row _builder_version=&#8221;4.27.4&#8243; _module_preset=&#8221;default&#8221; background_color=&#8221;#1B5D34&#8243; custom_padding=&#8221;|20px||20px|false|false&#8221; border_radii=&#8221;on|25px|25px|25px|25px&#8221; global_colors_info=&#8221;{}&#8221;][et_pb_column type=&#8221;4_4&#8243; _builder_version=&#8221;4.21.0&#8243; _module_preset=&#8221;default&#8221; global_colors_info=&#8221;{}&#8221;][et_pb_text _builder_version=&#8221;4.27.4&#8243; _module_preset=&#8221;default&#8221; text_font=&#8221;|300|||||||&#8221; header_3_font=&#8221;||||||||&#8221; header_3_text_color=&#8221;#94B80F&#8221; header_4_font=&#8221;|300|on||||||&#8221; text_orientation=&#8221;center&#8221; width=&#8221;90%&#8221; module_alignment=&#8221;center&#8221; custom_padding=&#8221;17px|||||&#8221; hover_enabled=&#8221;0&#8243; global_colors_info=&#8221;{}&#8221; sticky_enabled=&#8221;0&#8243;]<\/p>\n<h3>Important information about our tours<\/h3>\n<p>[\/et_pb_text][et_pb_toggle title=&#8221;Our tours include:&#8221; open_toggle_text_color=&#8221;#1B5D34&#8243; icon_color=&#8221;#E85646&#8243; open_icon_color=&#8221;#94B80F&#8221; _builder_version=&#8221;4.27.4&#8243; _module_preset=&#8221;default&#8221; title_text_color=&#8221;#1B5D34&#8243; title_font=&#8221;||||||||&#8221; hover_enabled=&#8221;0&#8243; border_radii=&#8221;on|25px|25px|25px|25px&#8221; border_color_all=&#8221;#DDE068&#8243; global_colors_info=&#8221;{}&#8221; open_toggle_text_color__hover_enabled=&#8221;on|desktop&#8221; sticky_enabled=&#8221;0&#8243; open_toggle_text_color__hover=&#8221;#1B5D34&#8243;]<\/p>\n<ul>\n<li>Transportation<\/li>\n<li>Certified professional guides<\/li>\n<li>Lodging, depending on the itinerary, in hotels or community lodging.<\/li>\n<li>Meals according to the itinerary<\/li>\n<li>Beverages (tea, coffee, juice, water).<\/li>\n<li>Activities and experiences detailed in the itinerary.<\/li>\n<li>Entrance fees to visit sites.<\/li>\n<li>Everything that is specified in your tour program.  <\/li>\n<\/ul>\n<p>[\/et_pb_toggle][et_pb_toggle title=&#8221;Our tours do not include:&#8221; open_toggle_text_color=&#8221;#1B5D34&#8243; icon_color=&#8221;#E85646&#8243; open_icon_color=&#8221;#94B80F&#8221; _builder_version=&#8221;4.27.4&#8243; _module_preset=&#8221;default&#8221; title_text_color=&#8221;#1B5D34&#8243; title_font=&#8221;||||||||&#8221; hover_enabled=&#8221;0&#8243; border_radii=&#8221;on|25px|25px|25px|25px&#8221; border_color_all=&#8221;#DDE068&#8243; global_colors_info=&#8221;{}&#8221; open_toggle_text_color__hover_enabled=&#8221;on|desktop&#8221; sticky_enabled=&#8221;0&#8243; open_toggle_text_color__hover=&#8221;#1B5D34&#8243;]<\/p>\n<ul>\n<li>International and domestic flights.<\/li>\n<li>Personal expenses and purchase of handicrafts.<\/li>\n<li>Tips<\/li>\n<li>Personal equipment for tour activities<\/li>\n<li>Travel insurance<\/li>\n<\/ul>\n<p>[\/et_pb_toggle][et_pb_toggle title=&#8221;Cancellation Policy&#8221; open_toggle_text_color=&#8221;#1B5D34&#8243; icon_color=&#8221;#E85646&#8243; open_icon_color=&#8221;#94B80F&#8221; _builder_version=&#8221;4.27.4&#8243; _module_preset=&#8221;default&#8221; title_text_color=&#8221;#1B5D34&#8243; title_font=&#8221;||||||||&#8221; border_radii=&#8221;on|25px|25px|25px|25px&#8221; border_color_all=&#8221;#DDE068&#8243; global_colors_info=&#8221;{}&#8221; open_toggle_text_color__hover_enabled=&#8221;on|desktop&#8221; open_toggle_text_color__hover=&#8221;#1B5D34&#8243;]<\/p>\n<ul>\n<li>To confirm your reservation, a deposit of 50% of the total cost is required.<\/li>\n<li>Payment in full must be made at least 45 days prior to the start date of the trip.<\/li>\n<li>In all cases of cancellation and refund Saraurku will retain the amount of 15% of the administrative expenses incurred, plus the 10% commission of the services contracted with third parties.<\/li>\n<li>We strongly recommend taking out travel insurance that covers cancellations or unforeseen events to protect your investment.<\/li>\n<\/ul>\n<p>[\/et_pb_toggle][et_pb_toggle title=&#8221;Visas and Passports&#8221; open_toggle_text_color=&#8221;#1B5D34&#8243; icon_color=&#8221;#E85646&#8243; open_icon_color=&#8221;#94B80F&#8221; _builder_version=&#8221;4.27.4&#8243; _module_preset=&#8221;default&#8221; title_text_color=&#8221;#1B5D34&#8243; title_font=&#8221;||||||||&#8221; border_radii=&#8221;on|25px|25px|25px|25px&#8221; border_color_all=&#8221;#DDE068&#8243; global_colors_info=&#8221;{}&#8221; content__hover_enabled=&#8221;on|desktop&#8221; open_toggle_text_color__hover_enabled=&#8221;on|desktop&#8221; content__hover=&#8221;<\/p>\n<p><strong>VISAS:<\/strong><\/p>\n<p>No se requiere visa para ciudadanos de la mayor\u00eda de pa\u00edses, incluidos Estados Unidos, Canad\u00e1 y Europa, para ingresar a Ecuador por una estancia de hasta 90 d\u00edas consecutivos (tres meses). Te recomendamos verificar los requisitos espec\u00edficos para tu pa\u00eds antes de viajar.<\/p>\n<p><strong>PASAPORTES:<\/strong><\/p>\n<p>Necesitar\u00e1s un pasaporte vigente con al menos 6 meses de validez antes de su fecha de vencimiento. Al momento de tu reserva, te pediremos la fecha de expiraci\u00f3n de tu pasaporte.<\/p>\n<p>Tu pasaporte tambi\u00e9n debe contar con un m\u00ednimo de dos p\u00e1ginas en blanco para los sellos de entrada y salida de Ecuador. Si tu itinerario incluye visitas a otros pa\u00edses, aseg\u00farate de contar con p\u00e1ginas adicionales para esos tramos del viaje.<\/p>\n<p>Si necesitas un pasaporte nuevo o renovado, hazlo con suficiente antelaci\u00f3n, ya que los tiempos de procesamiento pueden variar considerablemente seg\u00fan el pa\u00eds.<\/p>\n<p>Te recomendamos llevar contigo una fotocopia a color de las dos primeras p\u00e1ginas de tu pasaporte. Guarda estas copias en un lugar seguro para tener una prueba de identificaci\u00f3n en caso de p\u00e9rdida.<\/p>\n<p>Consulta con las autoridades migratorias de tu pa\u00eds o embajada local para obtener informaci\u00f3n actualizada sobre los requisitos de ingreso a Ecuador.<\/p>\n<p>&#8221; open_toggle_text_color__hover=&#8221;#1B5D34&#8243;]<\/p>\n<p><strong>VISAS:<\/strong><\/p>\n<p>No visa is required for citizens of most countries, including the United States, Canada and Europe, to enter Ecuador for a stay of up to 90 consecutive days (three months). We recommend that you check the specific requirements for your country before traveling. <\/p>\n<p><strong>PASSPORTS:<\/strong><\/p>\n<p>You will need a valid passport with at least 6 months validity before its expiration date. At the time of your reservation, we will ask you for the expiration date of your passport. <\/p>\n<p>Your passport must also have a minimum of two blank pages for entry and exit stamps for Ecuador. If your itinerary includes visits to other countries, make sure you have additional pages for those portions of your trip. <\/p>\n<p>If you need a new or renewed passport, please do so well in advance, as processing times can vary considerably from country to country.<\/p>\n<p>We recommend that you carry with you a color photocopy of the first two pages of your passport. Keep these copies in a safe place so that you will have proof of identification in case of loss. <\/p>\n<p>Check with your country&#8217;s immigration authorities or local embassy for updated information on entry requirements for Ecuador.<\/p>\n<p>[\/et_pb_toggle][et_pb_toggle title=&#8221;Health and Safety&#8221; open_toggle_text_color=&#8221;#1B5D34&#8243; icon_color=&#8221;#E85646&#8243; open_icon_color=&#8221;#94B80F&#8221; _builder_version=&#8221;4.27.4&#8243; _module_preset=&#8221;default&#8221; title_text_color=&#8221;#1B5D34&#8243; title_font=&#8221;||||||||&#8221; border_radii=&#8221;on|25px|25px|25px|25px&#8221; border_color_all=&#8221;#DDE068&#8243; global_colors_info=&#8221;{}&#8221; open_toggle_text_color__hover_enabled=&#8221;on|desktop&#8221; open_toggle_text_color__hover=&#8221;#1B5D34&#8243;]<\/p>\n<p>The health and safety of our travelers is our priority. Ecuador is an incredibly diverse and welcoming destination, but it is important to keep in mind some recommendations to ensure a safe and enjoyable experience during your visit: <\/p>\n<h4><strong>Health<\/strong><\/h4>\n<p><strong>Vaccinations<\/strong>: No mandatory vaccinations are required to enter Ecuador. However, if you plan to visit Amazonian areas, yellow fever vaccine and malaria prophylactic medication are recommended. Consult your doctor or a travel health center before your trip.  <\/p>\n<p><strong>Altitude<\/strong>: Some regions, such as Quito and the Andes, are at high altitude. Take time to adapt, stay hydrated and avoid strenuous physical activity for the first 24-48 hours. <\/p>\n<p><strong>Water and food<\/strong>: Consume bottled water and avoid drinking tap water. Opt for cooked foods and peeled fruits or vegetables to prevent stomach upset. <\/p>\n<p><strong>Climate and clothing<\/strong>: Ecuador has varied climates, from the cold of the Andes to the heat of the Amazon. Bring adequate clothing, sunscreen, insect repellent and a raincoat. <\/p>\n<p><strong>Hiking and outdoor activities<\/strong>: Always follow the instructions of local guides, especially on hikes or jungle activities. Wear appropriate footwear and stay on marked trails. <\/p>\n<h4>Personal Safety<\/h4>\n<p><strong>Belongings<\/strong>: Keep your belongings safe and avoid carrying visible valuables in public places. Use a secure backpack or purse and keep your passport and money in a discreet place. <\/p>\n<p><strong>Transportation<\/strong>: Trust certified tour operators and avoid using informal cabs. We will provide safe transportation during your itinerary. <\/p>\n<p><strong>Travel insurance<\/strong>: It is mandatory to have travel insurance that covers medical emergencies, evacuation and any unforeseen event.<\/p>\n<h4>Emergencies<\/h4>\n<p>In case of emergency, our team will be available to assist you at all times. We will provide you with local contact numbers and guides who will be with you during every stage of the trip. Ecuador has medical services in all major cities and access to hospitals in case of need.  <\/p>\n<p>With these precautions, you can enjoy a safe and enriching experience while discovering the beauty and culture of Ecuador.<\/p>\n<p>We are here to make sure your trip is unforgettable!<\/p>\n<p>[\/et_pb_toggle][\/et_pb_column][\/et_pb_row][\/et_pb_section]<\/p>\n","protected":false},"excerpt":{"rendered":"<p>&nbsp; 10-days Quito &#8211; Antisana &#8211; Saraguro &#8211; Gera &#8211; Cuenca &#8211; Ingapirca &#8211; Quito &nbsp;Visit Indigenous Communities in the Ecuadorian Highlands Through Andean landscapes, ancestral rituals and authentic encounters, you will discover the essence of Ecuador while creating meaningful bonds with Indigenous communities. More than just a tour, this 10-day experience invites you to [&hellip;]<\/p>\n","protected":false},"author":4,"featured_media":64568,"parent":0,"menu_order":0,"comment_status":"closed","ping_status":"closed","template":"","meta":{"_et_pb_use_builder":"on","_et_pb_old_content":"","_et_gb_content_width":"","footnotes":""},"class_list":["post-64725","page","type-page","status-publish","has-post-thumbnail","hentry"],"_links":{"self":[{"href":"https:\/\/saraurku.com\/en\/wp-json\/wp\/v2\/pages\/64725","targetHints":{"allow":["GET"]}}],"collection":[{"href":"https:\/\/saraurku.com\/en\/wp-json\/wp\/v2\/pages"}],"about":[{"href":"https:\/\/saraurku.com\/en\/wp-json\/wp\/v2\/types\/page"}],"author":[{"embeddable":true,"href":"https:\/\/saraurku.com\/en\/wp-json\/wp\/v2\/users\/4"}],"replies":[{"embeddable":true,"href":"https:\/\/saraurku.com\/en\/wp-json\/wp\/v2\/comments?post=64725"}],"version-history":[{"count":0,"href":"https:\/\/saraurku.com\/en\/wp-json\/wp\/v2\/pages\/64725\/revisions"}],"wp:featuredmedia":[{"embeddable":true,"href":"https:\/\/saraurku.com\/en\/wp-json\/wp\/v2\/media\/64568"}],"wp:attachment":[{"href":"https:\/\/saraurku.com\/en\/wp-json\/wp\/v2\/media?parent=64725"}],"curies":[{"name":"wp","href":"https:\/\/api.w.org\/{rel}","templated":true}]}}